{"id":196,"date":"2023-05-02T12:34:09","date_gmt":"2023-05-02T12:34:09","guid":{"rendered":"https:\/\/creation-atelier-cuir.com\/\/?page_id=196"},"modified":"2023-06-27T10:26:19","modified_gmt":"2023-06-27T10:26:19","slug":"particulers","status":"publish","type":"page","link":"https:\/\/creation-atelier-cuir.com\/?page_id=196","title":{"rendered":"Particuliers"},"content":{"rendered":"<p>[et_pb_section fb_built=\u00a0\u00bb1&Prime; custom_padding_last_edited=\u00a0\u00bbon|phone\u00a0\u00bb _builder_version=\u00a0\u00bb4.21.0&Prime; _module_preset=\u00a0\u00bbdefault\u00a0\u00bb background_image=\u00a0\u00bbhttps:\/\/creation-atelier-cuir.com\/wp-content\/uploads\/2023\/05\/Sans-titre-2.png\u00a0\u00bb custom_margin_tablet=\u00a0\u00bb\u00a0\u00bb custom_margin_phone=\u00a0\u00bb-52px||||false|false\u00a0\u00bb custom_margin_last_edited=\u00a0\u00bbon|phone\u00a0\u00bb custom_padding=\u00a0\u00bb80px||201px|||\u00a0\u00bb custom_padding_tablet=\u00a0\u00bb80px||201px|||\u00a0\u00bb custom_padding_phone=\u00a0\u00bb8px||27px||false|false\u00a0\u00bb bottom_divider_style=\u00a0\u00bbslant2&Prime; bottom_divider_color=\u00a0\u00bb#FFFFFF\u00a0\u00bb bottom_divider_height=\u00a0\u00bb47px\u00a0\u00bb global_colors_info=\u00a0\u00bb{}\u00a0\u00bb][et_pb_row _builder_version=\u00a0\u00bb4.21.0&Prime; _module_preset=\u00a0\u00bbdefault\u00a0\u00bb custom_padding=\u00a0\u00bb83px|||||\u00a0\u00bb global_colors_info=\u00a0\u00bb{}\u00a0\u00bb][et_pb_column type=\u00a0\u00bb4_4&Prime; _builder_version=\u00a0\u00bb4.21.0&Prime; _module_preset=\u00a0\u00bbdefault\u00a0\u00bb global_colors_info=\u00a0\u00bb{}\u00a0\u00bb][et_pb_text _builder_version=\u00a0\u00bb4.21.0&Prime; _module_preset=\u00a0\u00bbdefault\u00a0\u00bb text_font=\u00a0\u00bb|600|||||||\u00a0\u00bb text_text_color=\u00a0\u00bb#FFFFFF\u00a0\u00bb text_font_size=\u00a0\u00bb55px\u00a0\u00bb text_letter_spacing=\u00a0\u00bb4px\u00a0\u00bb text_line_height=\u00a0\u00bb1.8em\u00a0\u00bb text_orientation=\u00a0\u00bbcenter\u00a0\u00bb text_font_size_tablet=\u00a0\u00bb55px\u00a0\u00bb text_font_size_phone=\u00a0\u00bb37px\u00a0\u00bb text_font_size_last_edited=\u00a0\u00bbon|phone\u00a0\u00bb text_text_shadow_style=\u00a0\u00bbpreset2&Prime; global_colors_info=\u00a0\u00bb{}\u00a0\u00bb]<\/p>\n<p>Particulers<br \/>ARANO<\/p>\n<p>[\/et_pb_text][\/et_pb_column][\/et_pb_row][\/et_pb_section][et_pb_section fb_built=\u00a0\u00bb1&Prime; next_background_color=\u00a0\u00bb#ffffff\u00a0\u00bb _builder_version=\u00a0\u00bb4.21.0&Prime; _module_preset=\u00a0\u00bbdefault\u00a0\u00bb background_color=\u00a0\u00bb#c58553&Prime; custom_margin_tablet=\u00a0\u00bb\u00a0\u00bb custom_margin_phone=\u00a0\u00bb0px||||false|false\u00a0\u00bb custom_margin_last_edited=\u00a0\u00bbon|phone\u00a0\u00bb custom_padding=\u00a0\u00bb3px||61px|||\u00a0\u00bb top_divider_style=\u00a0\u00bbslant2&Prime; top_divider_color=\u00a0\u00bb#FFFFFF\u00a0\u00bb top_divider_height=\u00a0\u00bb29px\u00a0\u00bb bottom_divider_style=\u00a0\u00bbslant2&Prime; bottom_divider_height=\u00a0\u00bb47px\u00a0\u00bb hover_enabled=\u00a0\u00bb0&Prime; global_colors_info=\u00a0\u00bb{}\u00a0\u00bb sticky_enabled=\u00a0\u00bb0&Prime;][et_pb_row _builder_version=\u00a0\u00bb4.21.0&Prime; _module_preset=\u00a0\u00bbdefault\u00a0\u00bb custom_margin=\u00a0\u00bb44px|auto||auto||\u00a0\u00bb custom_padding=\u00a0\u00bb16px|||||\u00a0\u00bb global_colors_info=\u00a0\u00bb{}\u00a0\u00bb][et_pb_column type=\u00a0\u00bb4_4&Prime; _builder_version=\u00a0\u00bb4.21.0&Prime; _module_preset=\u00a0\u00bbdefault\u00a0\u00bb global_colors_info=\u00a0\u00bb{}\u00a0\u00bb][et_pb_text _builder_version=\u00a0\u00bb4.21.0&Prime; _module_preset=\u00a0\u00bbdefault\u00a0\u00bb text_font=\u00a0\u00bb|600|||||||\u00a0\u00bb text_text_color=\u00a0\u00bb#FFFFFF\u00a0\u00bb text_font_size=\u00a0\u00bb30px\u00a0\u00bb text_orientation=\u00a0\u00bbcenter\u00a0\u00bb global_colors_info=\u00a0\u00bb{}\u00a0\u00bb]<\/p>\n<p>Une cr\u00e9ation personnalis\u00e9e et sur mesure !<\/p>\n<p>[\/et_pb_text][et_pb_text _builder_version=\u00a0\u00bb4.21.0&Prime; _module_preset=\u00a0\u00bbdefault\u00a0\u00bb text_text_color=\u00a0\u00bb#FFFFFF\u00a0\u00bb global_colors_info=\u00a0\u00bb{}\u00a0\u00bb]<\/p>\n<p><span>Je suis personnellement votre interlocutrice pour tous vos d\u00e9sirs personnalis\u00e9s, que ce soit pour vous ou pour offrir \u00e0 une personne qui vous est ch\u00e8re.<\/span><br \/><span>Je peux personnaliser vos commandes de sacs \u00e0 main, de pochettes, d\u2019accessoires, de la longueur des anses \u00e0 l\u2019int\u00e9rieur d\u2019un sac, tout est fait sur-mesure.<\/span><\/p>\n<p><span>Si vous souhaitez utiliser une peau ou un tissu qui vous est cher, je l\u2019incorpore au design choisi ensemble, dans la mesure du r\u00e9alisable en fonction de la mati\u00e8re propos\u00e9e. Vous pouvez \u00e9galement r\u00e9utiliser des fermoirs d\u2019anciens sacs et leur donner une deuxi\u00e8me vie sur un tout nouveau mod\u00e8le.<\/span><\/p>\n<p><span>Nous dessinons ensemble votre prochain sac \u00e0 main en fonction de vos go\u00fbts, de votre budget, de vos besoins. Je mets mon professionnalisme et mon exp\u00e9rience \u00e0 votre service<\/span><\/p>\n<p><span>Je fais r\u00e9aliser des gravures au laser des textes ou dessins de vos choix, dans le respect des droits d\u2019auteurs, sur des pochettes, porte-monnaie, portefeuilles ou tout autre article de votre choix ou de votre cr\u00e9ation.<br \/>Je r\u00e9alise la ceinture de votre choix dans le coloris de votre choix, je r\u00e9alise des bracelets de montre dans des cuirs fins ou du galuchat (cuir de poisson) en r\u00e9utilisant vos boucle.<\/span><\/p>\n<p>[\/et_pb_text][\/et_pb_column][\/et_pb_row][\/et_pb_section][et_pb_section fb_built=\u00a0\u00bb1&Prime; _builder_version=\u00a0\u00bb4.21.0&Prime; _module_preset=\u00a0\u00bbdefault\u00a0\u00bb custom_margin=\u00a0\u00bb-13px|||||\u00a0\u00bb custom_padding=\u00a0\u00bb11px||28px|||\u00a0\u00bb global_colors_info=\u00a0\u00bb{}\u00a0\u00bb][et_pb_row _builder_version=\u00a0\u00bb4.21.0&Prime; _module_preset=\u00a0\u00bbdefault\u00a0\u00bb custom_margin=\u00a0\u00bb5px|auto||auto||\u00a0\u00bb custom_padding=\u00a0\u00bb20px|||||\u00a0\u00bb global_colors_info=\u00a0\u00bb{}\u00a0\u00bb][et_pb_column type=\u00a0\u00bb4_4&Prime; _builder_version=\u00a0\u00bb4.21.0&Prime; _module_preset=\u00a0\u00bbdefault\u00a0\u00bb global_colors_info=\u00a0\u00bb{}\u00a0\u00bb][et_pb_image src=\u00a0\u00bbhttps:\/\/creation-atelier-cuir.com\/wp-content\/uploads\/2023\/05\/Atelier-cuir-Arano-538.jpg\u00a0\u00bb alt=\u00a0\u00bbARANO &#8211; ATELIER CUIR &#8211; HASPARREN &#8211; PAYS BASQUE -https:\/\/creation-atelier-cuir.com\/\u00a0\u00bb title_text=\u00a0\u00bbARANO &#8211; ATELIER CUIR &#8211; HASPARREN &#8211; PAYS BASQUE -https:\/\/creation-atelier-cuir.com\/\u00a0\u00bb _builder_version=\u00a0\u00bb4.21.0&Prime; _module_preset=\u00a0\u00bbdefault\u00a0\u00bb box_shadow_style=\u00a0\u00bbpreset1&Prime; global_colors_info=\u00a0\u00bb{}\u00a0\u00bb][\/et_pb_image][\/et_pb_column][\/et_pb_row][\/et_pb_section][et_pb_section fb_built=\u00a0\u00bb1&Prime; next_background_color=\u00a0\u00bb#c58553&Prime; _builder_version=\u00a0\u00bb4.21.0&Prime; _module_preset=\u00a0\u00bbdefault\u00a0\u00bb background_color=\u00a0\u00bb#c58553&Prime; background_image=\u00a0\u00bbhttps:\/\/creation-atelier-cuir.com\/wp-content\/uploads\/2023\/05\/header-sac.png\u00a0\u00bb custom_padding=\u00a0\u00bb||275px|||\u00a0\u00bb top_divider_style=\u00a0\u00bbslant2&Prime; top_divider_color=\u00a0\u00bb#FFFFFF\u00a0\u00bb top_divider_height=\u00a0\u00bb67px\u00a0\u00bb bottom_divider_style=\u00a0\u00bbslant2&Prime; bottom_divider_height=\u00a0\u00bb52px\u00a0\u00bb global_colors_info=\u00a0\u00bb{}\u00a0\u00bb][\/et_pb_section]<\/p>\n","protected":false},"excerpt":{"rendered":"<p>ParticulersARANOUne cr\u00e9ation personnalis\u00e9e et sur mesure !Je suis personnellement votre interlocutrice pour tous vos d\u00e9sirs personnalis\u00e9s, que ce soit pour vous ou pour offrir \u00e0 une personne qui vous est ch\u00e8re.Je peux personnaliser vos commandes de sacs \u00e0 main, de pochettes, d\u2019accessoires, de la longueur des anses \u00e0 l\u2019int\u00e9rieur d\u2019un sac, tout est fait sur-mesure. [&hellip;]<\/p>\n","protected":false},"author":1,"featured_media":0,"parent":0,"menu_order":0,"comment_status":"closed","ping_status":"closed","template":"","meta":{"_et_pb_use_builder":"on","_et_pb_old_content":"","_et_gb_content_width":"","footnotes":""},"class_list":["post-196","page","type-page","status-publish","hentry"],"yoast_head":"<!-- This site is optimized with the Yoast SEO plugin v25.2 - https:\/\/yoast.com\/wordpress\/plugins\/seo\/ -->\n<title>Particuliers - Arano<\/title>\n<meta name=\"robots\" content=\"index, follow, max-snippet:-1, max-image-preview:large, max-video-preview:-1\" \/>\n<link rel=\"canonical\" href=\"https:\/\/creation-atelier-cuir.com\/?page_id=196\" \/>\n<meta property=\"og:locale\" content=\"fr_FR\" \/>\n<meta property=\"og:type\" content=\"article\" \/>\n<meta property=\"og:title\" content=\"Particuliers - Arano\" \/>\n<meta property=\"og:description\" content=\"ParticulersARANOUne cr\u00e9ation personnalis\u00e9e et sur mesure !Je suis personnellement votre interlocutrice pour tous vos d\u00e9sirs personnalis\u00e9s, que ce soit pour vous ou pour offrir \u00e0 une personne qui vous est ch\u00e8re.Je peux personnaliser vos commandes de sacs \u00e0 main, de pochettes, d\u2019accessoires, de la longueur des anses \u00e0 l\u2019int\u00e9rieur d\u2019un sac, tout est fait sur-mesure. [&hellip;]\" \/>\n<meta property=\"og:url\" content=\"https:\/\/creation-atelier-cuir.com\/?page_id=196\" \/>\n<meta property=\"og:site_name\" content=\"Arano\" \/>\n<meta property=\"article:modified_time\" content=\"2023-06-27T10:26:19+00:00\" \/>\n<meta name=\"twitter:card\" content=\"summary_large_image\" \/>\n<script type=\"application\/ld+json\" class=\"yoast-schema-graph\">{\"@context\":\"https:\/\/schema.org\",\"@graph\":[{\"@type\":\"WebPage\",\"@id\":\"https:\/\/creation-atelier-cuir.com\/?page_id=196\",\"url\":\"https:\/\/creation-atelier-cuir.com\/?page_id=196\",\"name\":\"Particuliers - Arano\",\"isPartOf\":{\"@id\":\"https:\/\/creation-atelier-cuir.com\/#website\"},\"datePublished\":\"2023-05-02T12:34:09+00:00\",\"dateModified\":\"2023-06-27T10:26:19+00:00\",\"breadcrumb\":{\"@id\":\"https:\/\/creation-atelier-cuir.com\/?page_id=196#breadcrumb\"},\"inLanguage\":\"fr-FR\",\"potentialAction\":[{\"@type\":\"ReadAction\",\"target\":[\"https:\/\/creation-atelier-cuir.com\/?page_id=196\"]}]},{\"@type\":\"BreadcrumbList\",\"@id\":\"https:\/\/creation-atelier-cuir.com\/?page_id=196#breadcrumb\",\"itemListElement\":[{\"@type\":\"ListItem\",\"position\":1,\"name\":\"Accueil\",\"item\":\"https:\/\/creation-atelier-cuir.com\/\"},{\"@type\":\"ListItem\",\"position\":2,\"name\":\"Particuliers\"}]},{\"@type\":\"WebSite\",\"@id\":\"https:\/\/creation-atelier-cuir.com\/#website\",\"url\":\"https:\/\/creation-atelier-cuir.com\/\",\"name\":\"Arano\",\"description\":\"L&#039;atelier cuir\",\"potentialAction\":[{\"@type\":\"SearchAction\",\"target\":{\"@type\":\"EntryPoint\",\"urlTemplate\":\"https:\/\/creation-atelier-cuir.com\/?s={search_term_string}\"},\"query-input\":{\"@type\":\"PropertyValueSpecification\",\"valueRequired\":true,\"valueName\":\"search_term_string\"}}],\"inLanguage\":\"fr-FR\"}]}<\/script>\n<!-- \/ Yoast SEO plugin. -->","yoast_head_json":{"title":"Particuliers - Arano","robots":{"index":"index","follow":"follow","max-snippet":"max-snippet:-1","max-image-preview":"max-image-preview:large","max-video-preview":"max-video-preview:-1"},"canonical":"https:\/\/creation-atelier-cuir.com\/?page_id=196","og_locale":"fr_FR","og_type":"article","og_title":"Particuliers - Arano","og_description":"ParticulersARANOUne cr\u00e9ation personnalis\u00e9e et sur mesure !Je suis personnellement votre interlocutrice pour tous vos d\u00e9sirs personnalis\u00e9s, que ce soit pour vous ou pour offrir \u00e0 une personne qui vous est ch\u00e8re.Je peux personnaliser vos commandes de sacs \u00e0 main, de pochettes, d\u2019accessoires, de la longueur des anses \u00e0 l\u2019int\u00e9rieur d\u2019un sac, tout est fait sur-mesure. [&hellip;]","og_url":"https:\/\/creation-atelier-cuir.com\/?page_id=196","og_site_name":"Arano","article_modified_time":"2023-06-27T10:26:19+00:00","twitter_card":"summary_large_image","schema":{"@context":"https:\/\/schema.org","@graph":[{"@type":"WebPage","@id":"https:\/\/creation-atelier-cuir.com\/?page_id=196","url":"https:\/\/creation-atelier-cuir.com\/?page_id=196","name":"Particuliers - Arano","isPartOf":{"@id":"https:\/\/creation-atelier-cuir.com\/#website"},"datePublished":"2023-05-02T12:34:09+00:00","dateModified":"2023-06-27T10:26:19+00:00","breadcrumb":{"@id":"https:\/\/creation-atelier-cuir.com\/?page_id=196#breadcrumb"},"inLanguage":"fr-FR","potentialAction":[{"@type":"ReadAction","target":["https:\/\/creation-atelier-cuir.com\/?page_id=196"]}]},{"@type":"BreadcrumbList","@id":"https:\/\/creation-atelier-cuir.com\/?page_id=196#breadcrumb","itemListElement":[{"@type":"ListItem","position":1,"name":"Accueil","item":"https:\/\/creation-atelier-cuir.com\/"},{"@type":"ListItem","position":2,"name":"Particuliers"}]},{"@type":"WebSite","@id":"https:\/\/creation-atelier-cuir.com\/#website","url":"https:\/\/creation-atelier-cuir.com\/","name":"Arano","description":"L&#039;atelier cuir","potentialAction":[{"@type":"SearchAction","target":{"@type":"EntryPoint","urlTemplate":"https:\/\/creation-atelier-cuir.com\/?s={search_term_string}"},"query-input":{"@type":"PropertyValueSpecification","valueRequired":true,"valueName":"search_term_string"}}],"inLanguage":"fr-FR"}]}},"_links":{"self":[{"href":"https:\/\/creation-atelier-cuir.com\/index.php?rest_route=\/wp\/v2\/pages\/196","targetHints":{"allow":["GET"]}}],"collection":[{"href":"https:\/\/creation-atelier-cuir.com\/index.php?rest_route=\/wp\/v2\/pages"}],"about":[{"href":"https:\/\/creation-atelier-cuir.com\/index.php?rest_route=\/wp\/v2\/types\/page"}],"author":[{"embeddable":true,"href":"https:\/\/creation-atelier-cuir.com\/index.php?rest_route=\/wp\/v2\/users\/1"}],"replies":[{"embeddable":true,"href":"https:\/\/creation-atelier-cuir.com\/index.php?rest_route=%2Fwp%2Fv2%2Fcomments&post=196"}],"version-history":[{"count":7,"href":"https:\/\/creation-atelier-cuir.com\/index.php?rest_route=\/wp\/v2\/pages\/196\/revisions"}],"predecessor-version":[{"id":586,"href":"https:\/\/creation-atelier-cuir.com\/index.php?rest_route=\/wp\/v2\/pages\/196\/revisions\/586"}],"wp:attachment":[{"href":"https:\/\/creation-atelier-cuir.com\/index.php?rest_route=%2Fwp%2Fv2%2Fmedia&parent=196"}],"curies":[{"name":"wp","href":"https:\/\/api.w.org\/{rel}","templated":true}]}}